{"id":2259,"date":"2023-11-06T10:14:10","date_gmt":"2023-11-06T10:14:10","guid":{"rendered":"https:\/\/cellercecilio.com\/la-bodega\/"},"modified":"2024-03-22T09:20:59","modified_gmt":"2024-03-22T09:20:59","slug":"la-bodega","status":"publish","type":"page","link":"https:\/\/cellercecilio.com\/es\/la-bodega\/","title":{"rendered":"La Bodega"},"content":{"rendered":"\t\t<div data-elementor-type=\"wp-page\" data-elementor-id=\"2259\" class=\"elementor elementor-2259 elementor-628\" data-elementor-post-type=\"page\">\n\t\t\t\t<div class=\"elementor-element elementor-element-70e3d8e e-flex e-con-boxed e-con e-parent\" data-id=\"70e3d8e\" data-element_type=\"container\" data-e-type=\"container\" data-settings=\"{&quot;background_background&quot;:&quot;classic&quot;}\">\n\t\t\t\t\t<div class=\"e-con-inner\">\n\t\t\t\t\t<\/div>\n\t\t\t\t<\/div>\n\t\t<div class=\"elementor-element elementor-element-b782c8d e-flex e-con-boxed e-con e-parent\" data-id=\"b782c8d\" data-element_type=\"container\" data-e-type=\"container\" id=\"historia\">\n\t\t\t\t\t<div class=\"e-con-inner\">\n\t\t\t\t<div class=\"elementor-element elementor-element-e4e9405 animated-slow elementor-invisible elementor-widget elementor-widget-heading\" data-id=\"e4e9405\" data-element_type=\"widget\" data-e-type=\"widget\" data-settings=\"{&quot;_animation&quot;:&quot;fadeInUp&quot;}\" data-widget_type=\"heading.default\">\n\t\t\t\t<div class=\"elementor-widget-container\">\n\t\t\t\t\t<h2 class=\"elementor-heading-title elementor-size-default\">Nuestra historia<\/h2>\t\t\t\t<\/div>\n\t\t\t\t<\/div>\n\t\t<div class=\"elementor-element elementor-element-0603c73 elementor-hidden-tablet elementor-hidden-mobile animated-slow e-flex e-con-boxed elementor-invisible e-con e-child\" data-id=\"0603c73\" data-element_type=\"container\" data-e-type=\"container\" data-settings=\"{&quot;animation&quot;:&quot;fadeIn&quot;}\">\n\t\t\t\t\t<div class=\"e-con-inner\">\n\t\t<div class=\"elementor-element elementor-element-5d596d7 e-flex e-con-boxed elementor-invisible e-con e-child\" data-id=\"5d596d7\" data-element_type=\"container\" data-e-type=\"container\" data-settings=\"{&quot;animation&quot;:&quot;fadeInUp&quot;}\">\n\t\t\t\t\t<div class=\"e-con-inner\">\n\t\t\t\t<div class=\"elementor-element elementor-element-02985cb elementor-widget elementor-widget-text-editor\" data-id=\"02985cb\" data-element_type=\"widget\" data-e-type=\"widget\" data-widget_type=\"text-editor.default\">\n\t\t\t\t<div class=\"elementor-widget-container\">\n\t\t\t\t\t\t\t\t\t<p>La Guerra Civil Espa\u00f1ola llev\u00f3 a mi padre, Cecilio Vicent, nacido en La Vilavella (Castell\u00f3n), hasta Gratallops, d\u00f3nde conoci\u00f3 a mi madre y se cas\u00f3 con ella.<\/p>\n<p>En casa de mi madre ten\u00edan tierras que hasta ese momento hab\u00edan sido cultivadas por jornaleros y poco a poco se hab\u00edan ido degradando. Mi padre se encarg\u00f3 de recuperar todas las fincas perdidas y de plantar con vi\u00f1a las que no lo estaban.<\/p>\n<p>Entr\u00f3 como socio en la Cooperativa Vin\u00edcola de Gratallops, d\u00f3nde llevaba toda su producci\u00f3n, pero su af\u00e1n por poder enviar vino a su pueblo natal le oblig\u00f3 a salirse de ella, ya que los estatutos de la Cooperativa no permit\u00edan que un socio retirase vino para otra finalidad que no fuera la de su propio consumo.<\/p>\n<p>Mont\u00f3 una peque\u00f1a bodega en unas antiguas cuadras, estudi\u00f3 enolog\u00eda y empez\u00f3 a elaborar \u00e9l mismo su propio vino, pudiendo as\u00ed comercializarlo al detalle en su pueblo ya todos aquellos clientes que llegaban a su bodega.<\/p>\n<div> <\/div>\n\t\t\t\t\t\t\t\t<\/div>\n\t\t\t\t<\/div>\n\t\t\t\t\t<\/div>\n\t\t\t\t<\/div>\n\t\t<div class=\"elementor-element elementor-element-0db0dea animated-slow e-flex e-con-boxed elementor-invisible e-con e-child\" data-id=\"0db0dea\" data-element_type=\"container\" data-e-type=\"container\" data-settings=\"{&quot;animation&quot;:&quot;fadeInUp&quot;}\">\n\t\t\t\t\t<div class=\"e-con-inner\">\n\t\t\t\t<div class=\"elementor-element elementor-element-ca5de58 elementor-widget elementor-widget-text-editor\" data-id=\"ca5de58\" data-element_type=\"widget\" data-e-type=\"widget\" data-widget_type=\"text-editor.default\">\n\t\t\t\t<div class=\"elementor-widget-container\">\n\t\t\t\t\t\t\t\t\t<p><span style=\"color: var( --e-global-color-primary ); font-family: var( --e-global-typography-text-font-family ), Sans-serif; font-size: var( --e-global-typography-text-font-size ); font-style: var( --e-global-typography-text-font-style ); font-weight: var( --e-global-typography-text-font-weight ); letter-spacing: var( --e-global-typography-text-letter-spacing ); text-transform: var( --e-global-typography-text-text-transform );\">I desde entonces, el a\u00f1o 1942, nuestra actividad vin\u00edcola no ha cesado ni una sola cosecha.<\/span><\/p>\n<p>Mi padre empez\u00f3 y ahora es toda mi familia quien me ayuda a tirar hacia delante este proyecto familiar, especialmente mi yerno Blai Ferr\u00e9, encarg\u00e1ndose del control de los vi\u00f1edos y de la elaboraci\u00f3n de los vinos, y mi hija Raquel, en los temas administrativos, en las ventas y exportaciones.<\/p>\n<p>A\u00f1o tras a\u00f1o hemos podado, hemos ayudado a crecer y hemos vendimiado todas y cada una de nuestras cepas que ocupan m\u00e1s de 10 hect\u00e1reas.<\/p>\n<p>Hemos ido mejorando, renovando y ampliando nuestras instalaciones y nuestras fincas, pero nuestro prop\u00f3sito inicial nunca ha cambiado, sigue siendo el mismo: abrir las puertas de nuestra bodega para poder ofrecerles la posibilidad de disfrutar de nuestros vinos. \u00a1Y de esto ya hace m\u00e1s de 80 a\u00f1os!<\/p>\n\t\t\t\t\t\t\t\t<\/div>\n\t\t\t\t<\/div>\n\t\t\t\t\t<\/div>\n\t\t\t\t<\/div>\n\t\t\t\t\t<\/div>\n\t\t\t\t<\/div>\n\t\t<div class=\"elementor-element elementor-element-98e41b7 elementor-hidden-desktop elementor-hidden-laptop e-flex e-con-boxed e-con e-child\" data-id=\"98e41b7\" data-element_type=\"container\" data-e-type=\"container\">\n\t\t\t\t\t<div class=\"e-con-inner\">\n\t\t\t\t<div class=\"elementor-element elementor-element-6522bde elementor-widget elementor-widget-text-editor\" data-id=\"6522bde\" data-element_type=\"widget\" data-e-type=\"widget\" data-widget_type=\"text-editor.default\">\n\t\t\t\t<div class=\"elementor-widget-container\">\n\t\t\t\t\t\t\t\t\t<p>La Guerra Civil Espa\u00f1ola llev\u00f3 a mi padre, Cecilio Vicent, nacido en La Vilavella (Castell\u00f3n), hasta Gratallops, d\u00f3nde conoci\u00f3 a mi madre y se cas\u00f3 con ella.<\/p>\n<p>En casa de mi madre ten\u00edan tierras que hasta ese momento hab\u00edan sido cultivadas por jornaleros y poco a poco se hab\u00edan ido degradando. Mi padre se encarg\u00f3 de recuperar todas las fincas perdidas y de plantar con vi\u00f1a las que no lo estaban.<\/p>\n<p>Entr\u00f3 como socio en la Cooperativa Vin\u00edcola de Gratallops, d\u00f3nde llevaba toda su producci\u00f3n, Pero su inter\u00e9s por poder enviar vino a su pueblo natal le oblig\u00f3 a salir adelante, ya que los estatutos de la Cooperativa no permit\u00edan que un socio retirara vino para otra finalidad que no fuera el consumo propio.<\/p>\n<p>Mont\u00f3 una peque\u00f1a bodega en unas antiguas cuadras, estudi\u00f3 enolog\u00eda y empez\u00f3 a elaborar \u00e9l mismo su propio vino, pudiendo as\u00ed comercializarlo al detalle en su pueblo ya todos aquellos clientes que llegaban a su bodega.<\/p>\n<p>I desde entonces, el a\u00f1o 1942, nuestra actividad vin\u00edcola no ha cesado ni una sola cosecha.<\/p>\n<p>Mi padre empez\u00f3 y ahora es toda mi familia quien me ayuda a tirar hacia delante este proyecto familiar, especialmente mi yerno Blai Ferr\u00e9, encarg\u00e1ndose del control de los vi\u00f1edos y de la elaboraci\u00f3n de los vinos, y mi hija Raquel, en los temas administrativos, en las ventas y exportaciones.<\/p>\n<p>A\u00f1o tras a\u00f1o hemos podado, hemos ayudado a crecer y hemos vendimiado todas y cada una de nuestras cepas que ocupan m\u00e1s de 10 hect\u00e1reas.<\/p>\n<p>. Hemos ido mejorando, renovando y ampliando nuestras instalaciones y nuestras fincas, pero nuestro prop\u00f3sito inicial nunca ha cambiado, sigue siendo el mismo: abrir las puertas de nuestra bodega para poder ofrecerles la posibilidad de disfrutar de nuestros vinos. \u00a1Y de esto ya hace m\u00e1s de 80 a\u00f1os!<\/p>\t\t\t\t\t\t\t\t<\/div>\n\t\t\t\t<\/div>\n\t\t\t\t\t<\/div>\n\t\t\t\t<\/div>\n\t\t\t\t<div class=\"elementor-element elementor-element-7137c48 elementor-widget elementor-widget-heading\" data-id=\"7137c48\" data-element_type=\"widget\" data-e-type=\"widget\" data-widget_type=\"heading.default\">\n\t\t\t\t<div class=\"elementor-widget-container\">\n\t\t\t\t\t<span class=\"elementor-heading-title elementor-size-default\">August Vicent<\/span>\t\t\t\t<\/div>\n\t\t\t\t<\/div>\n\t\t\t\t\t<\/div>\n\t\t\t\t<\/div>\n\t\t<div class=\"elementor-element elementor-element-9f06373 e-flex e-con-boxed e-con e-parent\" data-id=\"9f06373\" data-element_type=\"container\" data-e-type=\"container\" data-settings=\"{&quot;background_background&quot;:&quot;classic&quot;}\">\n\t\t\t\t\t<div class=\"e-con-inner\">\n\t\t\t\t<div class=\"elementor-element elementor-element-b6c616d animated-slow elementor-widget-mobile__width-auto elementor-invisible elementor-widget elementor-widget-image\" data-id=\"b6c616d\" data-element_type=\"widget\" data-e-type=\"widget\" data-settings=\"{&quot;_animation&quot;:&quot;fadeInUp&quot;}\" data-widget_type=\"image.default\">\n\t\t\t\t<div class=\"elementor-widget-container\">\n\t\t\t\t\t\t\t\t\t\t\t\t\t\t\t<img fetchpriority=\"high\" decoding=\"async\" width=\"425\" height=\"425\" src=\"https:\/\/cellercecilio.com\/wp-content\/uploads\/2023\/11\/segell_DOQ_Priorat-01.svg\" class=\"attachment-full size-full wp-image-332\" alt=\"\" title=\"\">\t\t\t\t\t\t\t\t\t\t\t\t\t\t\t<\/div>\n\t\t\t\t<\/div>\n\t\t\t\t<div class=\"elementor-element elementor-element-c22614e animated-slow elementor-invisible elementor-widget elementor-widget-heading\" data-id=\"c22614e\" data-element_type=\"widget\" data-e-type=\"widget\" data-settings=\"{&quot;_animation&quot;:&quot;fadeInUp&quot;}\" data-widget_type=\"heading.default\">\n\t\t\t\t<div class=\"elementor-widget-container\">\n\t\t\t\t\t<h2 class=\"elementor-heading-title elementor-size-default\">La primera bodega inscrita en la D.O.Q Priorat<\/h2>\t\t\t\t<\/div>\n\t\t\t\t<\/div>\n\t\t<div class=\"elementor-element elementor-element-85d019a e-flex e-con-boxed e-con e-child\" data-id=\"85d019a\" data-element_type=\"container\" data-e-type=\"container\">\n\t\t\t\t\t<div class=\"e-con-inner\">\n\t\t\t\t<div class=\"elementor-element elementor-element-4540b9a elementor-hidden-mobile elementor-widget elementor-widget-text-editor\" data-id=\"4540b9a\" data-element_type=\"widget\" data-e-type=\"widget\" data-widget_type=\"text-editor.default\">\n\t\t\t\t<div class=\"elementor-widget-container\">\n\t\t\t\t\t\t\t\t\t<div class=\"page\" title=\"Page 1\">\n<div class=\"section\">\n<div class=\"layoutArea\">\n<div class=\"column\">\n<p>En 1942 fue el primer a\u00f1o que la bodega Celler Cecilio elabor\u00f3 su primer vino, pero no fue registrada al Consejo Regulador de la Denominaci\u00f3n de Origen Priorato hasta en1954.<\/p>\n<p>El motivo de este retraso en la inscripci\u00f3n fue debido a que, aunque el Estatuto del Vino promulgado en 1932 por el Ministerio de Agricultura ya reconoc\u00eda el Priorat como una zona vitivin\u00edcola a proteger, las circunstancias sociopol\u00edticas vividas en el pa\u00eds hasta el final de <br>la guerra civil retrasaron la aprobaci\u00f3n del primer reglamento de la D.O. Priorat, <br>que no fue publicado al B.O.E. hasta el verano de 1954.<\/p>\n<p>Aun as\u00ed, Cecilio Vicent fue el primer elaborador que inscribi\u00f3 su bodega al Consejo Regulador de la Denominaci\u00f3n de Origen Priorat, convirti\u00e9ndose as\u00ed en <br>la primera bodega registrada con Denominaci\u00f3n de Origen Priorat.<\/p>\n<\/div>\n<\/div>\n<\/div>\n<\/div>\t\t\t\t\t\t\t\t<\/div>\n\t\t\t\t<\/div>\n\t\t\t\t<div class=\"elementor-element elementor-element-40ddb49 elementor-hidden-desktop elementor-hidden-laptop elementor-hidden-tablet elementor-widget elementor-widget-text-editor\" data-id=\"40ddb49\" data-element_type=\"widget\" data-e-type=\"widget\" data-widget_type=\"text-editor.default\">\n\t\t\t\t<div class=\"elementor-widget-container\">\n\t\t\t\t\t\t\t\t\t<div class=\"page\" title=\"Page 1\">\n<div class=\"section\">\n<div class=\"layoutArea\">\n<div class=\"column\">\n<p>En 1942 fue el primer a\u00f1o que la bodega Celler Cecilio elabor\u00f3 su primer vino, pero no fue registrada al Consejo Regulador de la Denominaci\u00f3n de Origen Priorato hasta en1954.<\/p>\n<p>El motivo de este retraso en la inscripci\u00f3n fue debido a que, aunque el Estatuto del Vino promulgado en 1932 por el Ministerio de Agricultura ya reconoc\u00eda el Priorat como una zona vitivin\u00edcola a proteger, las circunstancias sociopol\u00edticas vividas en el pa\u00eds hasta el final de la guerra civil retrasaron la aprobaci\u00f3n del primer reglamento de la D.O. Priorat, que no fue publicado al B.O.E. hasta el verano de 1954.<\/p>\n<p>Aun as\u00ed, Cecilio Vicent fue el primer elaborador que inscribi\u00f3 su bodega al Consejo Regulador de la Denominaci\u00f3n de Origen Priorat, convirti\u00e9ndose as\u00ed en <br>la primera bodega registrada con Denominaci\u00f3n de Origen Priorat.<\/p>\n<\/div>\n<\/div>\n<\/div>\n<\/div>\t\t\t\t\t\t\t\t<\/div>\n\t\t\t\t<\/div>\n\t\t\t\t\t<\/div>\n\t\t\t\t<\/div>\n\t\t\t\t\t<\/div>\n\t\t\t\t<\/div>\n\t\t<div class=\"elementor-element elementor-element-1d4b983 e-flex e-con-boxed e-con e-parent\" data-id=\"1d4b983\" data-element_type=\"container\" data-e-type=\"container\" data-settings=\"{&quot;background_background&quot;:&quot;video&quot;,&quot;background_video_link&quot;:&quot;https:\\\/\\\/vimeo.com\\\/902202342&quot;,&quot;background_play_on_mobile&quot;:&quot;yes&quot;,&quot;background_privacy_mode&quot;:&quot;yes&quot;}\">\n\t\t\t\t\t<div class=\"e-con-inner\">\n\t\t<div class=\"elementor-background-video-container\">\n\t\t\t\t\t\t\t<div class=\"elementor-background-video-embed\" role=\"presentation\"><\/div>\n\t\t\t\t\t\t<\/div>\t\t<div class=\"elementor-element elementor-element-702f867 animated-slow elementor-invisible elementor-widget elementor-widget-heading\" data-id=\"702f867\" data-element_type=\"widget\" data-e-type=\"widget\" data-settings=\"{&quot;_animation&quot;:&quot;fadeInUp&quot;}\" data-widget_type=\"heading.default\">\n\t\t\t\t<div class=\"elementor-widget-container\">\n\t\t\t\t\t<h2 class=\"elementor-heading-title elementor-size-default\">Pasado, presente y futuro<\/h2>\t\t\t\t<\/div>\n\t\t\t\t<\/div>\n\t\t\t\t\t<\/div>\n\t\t\t\t<\/div>\n\t\t<div class=\"elementor-element elementor-element-bac264d e-flex e-con-boxed e-con e-parent\" data-id=\"bac264d\" data-element_type=\"container\" data-e-type=\"container\">\n\t\t\t\t\t<div class=\"e-con-inner\">\n\t\t\t\t<div class=\"elementor-element elementor-element-7dc160d animated-slow elementor-invisible elementor-widget elementor-widget-heading\" data-id=\"7dc160d\" data-element_type=\"widget\" data-e-type=\"widget\" data-settings=\"{&quot;_animation&quot;:&quot;fadeInUp&quot;}\" data-widget_type=\"heading.default\">\n\t\t\t\t<div class=\"elementor-widget-container\">\n\t\t\t\t\t<h2 class=\"elementor-heading-title elementor-size-default\">Instalaciones<\/h2>\t\t\t\t<\/div>\n\t\t\t\t<\/div>\n\t\t<div class=\"elementor-element elementor-element-8c32089 e-flex e-con-boxed e-con e-child\" data-id=\"8c32089\" data-element_type=\"container\" data-e-type=\"container\">\n\t\t\t\t\t<div class=\"e-con-inner\">\n\t\t<div class=\"elementor-element elementor-element-a4c2f8a e-flex e-con-boxed elementor-invisible e-con e-child\" data-id=\"a4c2f8a\" data-element_type=\"container\" data-e-type=\"container\" data-settings=\"{&quot;animation&quot;:&quot;fadeInUp&quot;}\">\n\t\t\t\t\t<div class=\"e-con-inner\">\n\t\t\t\t<div class=\"elementor-element elementor-element-a434a71 elementor-hidden-mobile elementor-widget elementor-widget-text-editor\" data-id=\"a434a71\" data-element_type=\"widget\" data-e-type=\"widget\" data-widget_type=\"text-editor.default\">\n\t\t\t\t<div class=\"elementor-widget-container\">\n\t\t\t\t\t\t\t\t\t<p>Nuestra bodega consta de dos espacios muy diferenciados, a los que se accede por la parte m\u00e1s nueva. <br \/>En ella hay ubicados los dep\u00f3sitos de acero inoxidable, la zona de ventas y la oficina. El espacio central es una zona totalmente polivalente donde se lleva a cabo la entrada de &nbsp;uva, el prensado, el embotellado, etc. y a la vez es tambi\u00e9n por donde se accede a la bodega interior, que nos traslada al pasado. Esta segunda es un espacio que hemos intentado mantener al m\u00e1ximo en su originalidad&nbsp; y donde tenemos nuestras barricas de roble franc\u00e9s <br \/>para la crianza nuestros vinos. &nbsp;<\/p>\n\t\t\t\t\t\t\t\t<\/div>\n\t\t\t\t<\/div>\n\t\t\t\t<div class=\"elementor-element elementor-element-b32316d elementor-hidden-desktop elementor-hidden-laptop elementor-hidden-tablet elementor-widget elementor-widget-text-editor\" data-id=\"b32316d\" data-element_type=\"widget\" data-e-type=\"widget\" data-widget_type=\"text-editor.default\">\n\t\t\t\t<div class=\"elementor-widget-container\">\n\t\t\t\t\t\t\t\t\t<p>Nuestra bodega consta de dos espacios muy diferenciados, a los que se accede por la parte m\u00e1s nueva. <br \/>En ella hay ubicados los dep\u00f3sitos de acero inoxidable, la zona de ventas y la oficina. El espacio central es una zona totalmente polivalente donde se hace la entrada de la vendimia, se prensa, se embotella, etc. y al mismo tiempo es tambi\u00e9n desde donde se accede a la bodega interior, que nos adentra en el pasado. Es una zona que hemos intentado mantener al m\u00e1ximo en su originalidad y en la que tenemos nuestras barricas de roble franc\u00e9s para la crianza de nuestros vinos. <\/p>\n\t\t\t\t\t\t\t\t<\/div>\n\t\t\t\t<\/div>\n\t\t\t\t\t<\/div>\n\t\t\t\t<\/div>\n\t\t\t\t\t<\/div>\n\t\t\t\t<\/div>\n\t\t\t\t\t<\/div>\n\t\t\t\t<\/div>\n\t\t\t\t<\/div>\n\t\t","protected":false},"excerpt":{"rendered":"<p>Nuestra historia La Guerra Civil Espa\u00f1ola llev\u00f3 a mi padre, Cecilio Vicent, nacido en La Vilavella (Castell\u00f3n), hasta Gratallops, d\u00f3nde conoci\u00f3 a mi madre y se cas\u00f3 con ella. En casa de mi madre ten\u00edan tierras que hasta ese momento hab\u00edan sido cultivadas por jornaleros y poco a poco se hab\u00edan ido degradando. Mi padre [&hellip;]<\/p>\n","protected":false},"author":1,"featured_media":0,"parent":0,"menu_order":0,"comment_status":"closed","ping_status":"closed","template":"","meta":{"footnotes":""},"class_list":["post-2259","page","type-page","status-publish","hentry"],"_links":{"self":[{"href":"https:\/\/cellercecilio.com\/es\/wp-json\/wp\/v2\/pages\/2259","targetHints":{"allow":["GET"]}}],"collection":[{"href":"https:\/\/cellercecilio.com\/es\/wp-json\/wp\/v2\/pages"}],"about":[{"href":"https:\/\/cellercecilio.com\/es\/wp-json\/wp\/v2\/types\/page"}],"author":[{"embeddable":true,"href":"https:\/\/cellercecilio.com\/es\/wp-json\/wp\/v2\/users\/1"}],"replies":[{"embeddable":true,"href":"https:\/\/cellercecilio.com\/es\/wp-json\/wp\/v2\/comments?post=2259"}],"version-history":[{"count":1,"href":"https:\/\/cellercecilio.com\/es\/wp-json\/wp\/v2\/pages\/2259\/revisions"}],"predecessor-version":[{"id":2260,"href":"https:\/\/cellercecilio.com\/es\/wp-json\/wp\/v2\/pages\/2259\/revisions\/2260"}],"wp:attachment":[{"href":"https:\/\/cellercecilio.com\/es\/wp-json\/wp\/v2\/media?parent=2259"}],"curies":[{"name":"wp","href":"https:\/\/api.w.org\/{rel}","templated":true}]}}